{"id":609,"date":"2016-06-20T13:48:36","date_gmt":"2016-06-20T11:48:36","guid":{"rendered":"http:\/\/laiz.fr\/wordpress\/?page_id=609"},"modified":"2016-06-20T13:50:14","modified_gmt":"2016-06-20T11:50:14","slug":"recensement-aupres-de-mairie","status":"publish","type":"page","link":"https:\/\/laiz.fr\/wordpress\/demarches-administratives\/documents-officiels\/recensement-aupres-de-mairie\/","title":{"rendered":"Recensement aupr\u00e8s de la mairie"},"content":{"rendered":"<p class=\"spip\">Tout Fran\u00e7ais doit spontan\u00e9ment se faire recenser aupr\u00e8s de sa mairie (ou du consulat s\u2019il habite \u00e0 l\u2019\u00e9tranger). Cette formalit\u00e9 est obligatoire pour pouvoir se pr\u00e9senter aux concours et examens publics.<\/p>\n<p class=\"spip\"><i class=\"spip\">Qui est concern\u00e9\u00a0?<\/i> Tous les jeunes Fran\u00e7ais ayant atteint l\u2019\u00e2ge de 16 ans, les filles comme les gar\u00e7ons.<\/p>\n<p class=\"spip\"><i class=\"spip\">Qui doit faire la d\u00e9marche\u00a0?<\/i> Si le jeune est mineur, il peut faire la d\u00e9marche seul ou se faire repr\u00e9senter par l\u2019un de ses parents. Si le jeune est majeur, il doit faire la d\u00e9marche seul.<\/p>\n<p class=\"spip\"><i class=\"spip\">O\u00f9 se faire recenser\u00a0?<\/i> &#8211; \u00e0 la mairie du domicile, si le jeune habite en France, &#8211; au consulat ou \u00e0 l\u2019ambassade de France, si le jeune r\u00e9side \u00e0 l\u2019\u00e9tranger.<\/p>\n<p class=\"spip\"><i class=\"spip\">Que faut-il d\u00e9clarer\u00a0?<\/i> Lors du recensement, il convient de faire une d\u00e9claration sur laquelle sont indiqu\u00e9s les informations suivantes\u00a0: &#8211; votre nom (nom de famille et \u00e9ventuellement nom d\u2019usage), vos pr\u00e9noms, votre date et lieu de naissance, ainsi que les m\u00eames \u00e9l\u00e9ments concernant vos parents, &#8211; votre adresse, &#8211; votre situation familiale, scolaire, universitaire ou professionnelle.<\/p>\n<p class=\"spip\"><i class=\"spip\">Quelles pi\u00e8ces fournir\u00a0?<\/i> &#8211; une pi\u00e8ce d\u2019identit\u00e9 (carte nationale d\u2019identit\u00e9, passeport ou tout autre document justifiant de la nationalit\u00e9 fran\u00e7aise) &#8211; un livret de famille Il n\u2019est pas n\u00e9cessaire de fournir un justificatif de domicile.<\/p>\n<p class=\"spip\">Si le jeune est atteint d\u2019un handicap ou d\u2019une maladie invalidante, et qu\u2019il souhaite \u00eatre dispens\u00e9 de la journ\u00e9e d\u00e9fense et citoyennet\u00e9 , il doit pr\u00e9senter sa carte d\u2019invalidit\u00e9 ou certificat m\u00e9dical d\u00e9livr\u00e9 par un m\u00e9decin agr\u00e9\u00e9 aupr\u00e8s du ministre de la d\u00e9fense.<\/p>\n<p class=\"spip\"><i class=\"spip\"> Quand se faire recenser\u00a0?<\/i><\/p>\n<p class=\"spip\"><i class=\"spip\">D\u00e9lais<\/i> Les jeunes Fran\u00e7ais de naissance doivent se faire recenser entre le jour de leurs 16 ans et le dernier jour du 3\u00e8me mois qui suit celui de l\u2019anniversaire.<\/p>\n<p class=\"spip\">Les jeunes devenus Fran\u00e7ais entre 16 et 25 ans doivent se faire recenser dans le mois qui suit la date d\u2019acquisition de la nationalit\u00e9 fran\u00e7aise.<\/p>\n<p class=\"spip\">Les jeunes qui auraient pu r\u00e9pudier ou d\u00e9cliner la nationalit\u00e9 fran\u00e7aise, mais qui ne l\u2019ont pas fait, doivent se faire recenser dans le mois qui suit leurs 19 ans.<\/p>\n<p class=\"spip\"><i class=\"spip\">R\u00e9gularisation<\/i><\/p>\n<p class=\"spip\">Si les d\u00e9lais ont \u00e9t\u00e9 d\u00e9pass\u00e9s, il est toutefois possible de r\u00e9gulariser sa situation jusqu\u2019\u00e0 l\u2019\u00e2ge de 25 ans en proc\u00e9dant de la m\u00eame mani\u00e8re que pour un recensement classique.<\/p>\n","protected":false},"excerpt":{"rendered":"<p>Tout Fran\u00e7ais doit spontan\u00e9ment se faire recenser aupr\u00e8s de sa mairie (ou du consulat s\u2019il habite \u00e0 l\u2019\u00e9tranger). Cette formalit\u00e9 est obligatoire pour pouvoir se pr\u00e9senter aux concours et examens publics. Qui est concern\u00e9\u00a0? Tous les jeunes Fran\u00e7ais ayant atteint l\u2019\u00e2ge de 16 ans, les filles comme les gar\u00e7ons. Qui doit faire la d\u00e9marche\u00a0? Si &hellip; <a href=\"https:\/\/laiz.fr\/wordpress\/demarches-administratives\/documents-officiels\/recensement-aupres-de-mairie\/\" class=\"more-link\">Continuer la lecture de <span class=\"screen-reader-text\">Recensement aupr\u00e8s de la mairie<\/span>  <span class=\"meta-nav\">&rarr;<\/span><\/a><\/p>\n","protected":false},"author":1,"featured_media":0,"parent":213,"menu_order":0,"comment_status":"closed","ping_status":"closed","template":"","meta":{"footnotes":""},"class_list":["post-609","page","type-page","status-publish","hentry"],"yoast_head":"<!-- This site is optimized with the Yoast SEO plugin v27.5 - https:\/\/yoast.com\/product\/yoast-seo-wordpress\/ -->\n<title>Recensement aupr\u00e8s de la mairie - MAIRIE DE LAIZ<\/title>\n<meta name=\"robots\" content=\"index, follow, max-snippet:-1, max-image-preview:large, max-video-preview:-1\" \/>\n<link rel=\"canonical\" href=\"https:\/\/laiz.fr\/wordpress\/demarches-administratives\/documents-officiels\/recensement-aupres-de-mairie\/\" \/>\n<meta property=\"og:locale\" content=\"fr_FR\" \/>\n<meta property=\"og:type\" content=\"article\" \/>\n<meta property=\"og:title\" content=\"Recensement aupr\u00e8s de la mairie - MAIRIE DE LAIZ\" \/>\n<meta property=\"og:description\" content=\"Tout Fran\u00e7ais doit spontan\u00e9ment se faire recenser aupr\u00e8s de sa mairie (ou du consulat s\u2019il habite \u00e0 l\u2019\u00e9tranger). Cette formalit\u00e9 est obligatoire pour pouvoir se pr\u00e9senter aux concours et examens publics. Qui est concern\u00e9\u00a0? Tous les jeunes Fran\u00e7ais ayant atteint l\u2019\u00e2ge de 16 ans, les filles comme les gar\u00e7ons. Qui doit faire la d\u00e9marche\u00a0? Si &hellip; Continuer la lecture de Recensement aupr\u00e8s de la mairie &rarr;\" \/>\n<meta property=\"og:url\" content=\"https:\/\/laiz.fr\/wordpress\/demarches-administratives\/documents-officiels\/recensement-aupres-de-mairie\/\" \/>\n<meta property=\"og:site_name\" content=\"MAIRIE DE LAIZ\" \/>\n<meta property=\"article:publisher\" content=\"https:\/\/www.facebook.com\/villagedelaiz\" \/>\n<meta property=\"article:modified_time\" content=\"2016-06-20T11:50:14+00:00\" \/>\n<meta property=\"og:image\" content=\"https:\/\/laiz.fr\/wordpress\/wp-content\/uploads\/2016\/06\/laizlogo2.jpg\" \/>\n\t<meta property=\"og:image:width\" content=\"935\" \/>\n\t<meta property=\"og:image:height\" content=\"591\" \/>\n\t<meta property=\"og:image:type\" content=\"image\/jpeg\" \/>\n<meta name=\"twitter:label1\" content=\"Dur\u00e9e de lecture estim\u00e9e\" \/>\n\t<meta name=\"twitter:data1\" content=\"2 minutes\" \/>\n<script type=\"application\/ld+json\" class=\"yoast-schema-graph\">{\"@context\":\"https:\\\/\\\/schema.org\",\"@graph\":[{\"@type\":\"WebPage\",\"@id\":\"https:\\\/\\\/laiz.fr\\\/wordpress\\\/demarches-administratives\\\/documents-officiels\\\/recensement-aupres-de-mairie\\\/\",\"url\":\"https:\\\/\\\/laiz.fr\\\/wordpress\\\/demarches-administratives\\\/documents-officiels\\\/recensement-aupres-de-mairie\\\/\",\"name\":\"Recensement aupr\u00e8s de la mairie - MAIRIE DE LAIZ\",\"isPartOf\":{\"@id\":\"https:\\\/\\\/laiz.fr\\\/wordpress\\\/#website\"},\"datePublished\":\"2016-06-20T11:48:36+00:00\",\"dateModified\":\"2016-06-20T11:50:14+00:00\",\"breadcrumb\":{\"@id\":\"https:\\\/\\\/laiz.fr\\\/wordpress\\\/demarches-administratives\\\/documents-officiels\\\/recensement-aupres-de-mairie\\\/#breadcrumb\"},\"inLanguage\":\"fr-FR\",\"potentialAction\":[{\"@type\":\"ReadAction\",\"target\":[\"https:\\\/\\\/laiz.fr\\\/wordpress\\\/demarches-administratives\\\/documents-officiels\\\/recensement-aupres-de-mairie\\\/\"]}]},{\"@type\":\"BreadcrumbList\",\"@id\":\"https:\\\/\\\/laiz.fr\\\/wordpress\\\/demarches-administratives\\\/documents-officiels\\\/recensement-aupres-de-mairie\\\/#breadcrumb\",\"itemListElement\":[{\"@type\":\"ListItem\",\"position\":1,\"name\":\"Accueil\",\"item\":\"https:\\\/\\\/laiz.fr\\\/wordpress\\\/\"},{\"@type\":\"ListItem\",\"position\":2,\"name\":\"D\u00e9marches administratives\",\"item\":\"https:\\\/\\\/laiz.fr\\\/wordpress\\\/demarches-administratives\\\/\"},{\"@type\":\"ListItem\",\"position\":3,\"name\":\"Documents officiels\",\"item\":\"https:\\\/\\\/laiz.fr\\\/wordpress\\\/demarches-administratives\\\/documents-officiels\\\/\"},{\"@type\":\"ListItem\",\"position\":4,\"name\":\"Recensement aupr\u00e8s de la mairie\"}]},{\"@type\":\"WebSite\",\"@id\":\"https:\\\/\\\/laiz.fr\\\/wordpress\\\/#website\",\"url\":\"https:\\\/\\\/laiz.fr\\\/wordpress\\\/\",\"name\":\"MAIRIE DE LAIZ\",\"description\":\"Un village agr\u00e9able \u00e0 vivre\",\"potentialAction\":[{\"@type\":\"SearchAction\",\"target\":{\"@type\":\"EntryPoint\",\"urlTemplate\":\"https:\\\/\\\/laiz.fr\\\/wordpress\\\/?s={search_term_string}\"},\"query-input\":{\"@type\":\"PropertyValueSpecification\",\"valueRequired\":true,\"valueName\":\"search_term_string\"}}],\"inLanguage\":\"fr-FR\"}]}<\/script>\n<!-- \/ Yoast SEO plugin. -->","yoast_head_json":{"title":"Recensement aupr\u00e8s de la mairie - MAIRIE DE LAIZ","robots":{"index":"index","follow":"follow","max-snippet":"max-snippet:-1","max-image-preview":"max-image-preview:large","max-video-preview":"max-video-preview:-1"},"canonical":"https:\/\/laiz.fr\/wordpress\/demarches-administratives\/documents-officiels\/recensement-aupres-de-mairie\/","og_locale":"fr_FR","og_type":"article","og_title":"Recensement aupr\u00e8s de la mairie - MAIRIE DE LAIZ","og_description":"Tout Fran\u00e7ais doit spontan\u00e9ment se faire recenser aupr\u00e8s de sa mairie (ou du consulat s\u2019il habite \u00e0 l\u2019\u00e9tranger). Cette formalit\u00e9 est obligatoire pour pouvoir se pr\u00e9senter aux concours et examens publics. Qui est concern\u00e9\u00a0? Tous les jeunes Fran\u00e7ais ayant atteint l\u2019\u00e2ge de 16 ans, les filles comme les gar\u00e7ons. Qui doit faire la d\u00e9marche\u00a0? Si &hellip; Continuer la lecture de Recensement aupr\u00e8s de la mairie &rarr;","og_url":"https:\/\/laiz.fr\/wordpress\/demarches-administratives\/documents-officiels\/recensement-aupres-de-mairie\/","og_site_name":"MAIRIE DE LAIZ","article_publisher":"https:\/\/www.facebook.com\/villagedelaiz","article_modified_time":"2016-06-20T11:50:14+00:00","og_image":[{"width":935,"height":591,"url":"https:\/\/laiz.fr\/wordpress\/wp-content\/uploads\/2016\/06\/laizlogo2.jpg","type":"image\/jpeg"}],"twitter_misc":{"Dur\u00e9e de lecture estim\u00e9e":"2 minutes"},"schema":{"@context":"https:\/\/schema.org","@graph":[{"@type":"WebPage","@id":"https:\/\/laiz.fr\/wordpress\/demarches-administratives\/documents-officiels\/recensement-aupres-de-mairie\/","url":"https:\/\/laiz.fr\/wordpress\/demarches-administratives\/documents-officiels\/recensement-aupres-de-mairie\/","name":"Recensement aupr\u00e8s de la mairie - MAIRIE DE LAIZ","isPartOf":{"@id":"https:\/\/laiz.fr\/wordpress\/#website"},"datePublished":"2016-06-20T11:48:36+00:00","dateModified":"2016-06-20T11:50:14+00:00","breadcrumb":{"@id":"https:\/\/laiz.fr\/wordpress\/demarches-administratives\/documents-officiels\/recensement-aupres-de-mairie\/#breadcrumb"},"inLanguage":"fr-FR","potentialAction":[{"@type":"ReadAction","target":["https:\/\/laiz.fr\/wordpress\/demarches-administratives\/documents-officiels\/recensement-aupres-de-mairie\/"]}]},{"@type":"BreadcrumbList","@id":"https:\/\/laiz.fr\/wordpress\/demarches-administratives\/documents-officiels\/recensement-aupres-de-mairie\/#breadcrumb","itemListElement":[{"@type":"ListItem","position":1,"name":"Accueil","item":"https:\/\/laiz.fr\/wordpress\/"},{"@type":"ListItem","position":2,"name":"D\u00e9marches administratives","item":"https:\/\/laiz.fr\/wordpress\/demarches-administratives\/"},{"@type":"ListItem","position":3,"name":"Documents officiels","item":"https:\/\/laiz.fr\/wordpress\/demarches-administratives\/documents-officiels\/"},{"@type":"ListItem","position":4,"name":"Recensement aupr\u00e8s de la mairie"}]},{"@type":"WebSite","@id":"https:\/\/laiz.fr\/wordpress\/#website","url":"https:\/\/laiz.fr\/wordpress\/","name":"MAIRIE DE LAIZ","description":"Un village agr\u00e9able \u00e0 vivre","potentialAction":[{"@type":"SearchAction","target":{"@type":"EntryPoint","urlTemplate":"https:\/\/laiz.fr\/wordpress\/?s={search_term_string}"},"query-input":{"@type":"PropertyValueSpecification","valueRequired":true,"valueName":"search_term_string"}}],"inLanguage":"fr-FR"}]}},"_links":{"self":[{"href":"https:\/\/laiz.fr\/wordpress\/wp-json\/wp\/v2\/pages\/609","targetHints":{"allow":["GET"]}}],"collection":[{"href":"https:\/\/laiz.fr\/wordpress\/wp-json\/wp\/v2\/pages"}],"about":[{"href":"https:\/\/laiz.fr\/wordpress\/wp-json\/wp\/v2\/types\/page"}],"author":[{"embeddable":true,"href":"https:\/\/laiz.fr\/wordpress\/wp-json\/wp\/v2\/users\/1"}],"replies":[{"embeddable":true,"href":"https:\/\/laiz.fr\/wordpress\/wp-json\/wp\/v2\/comments?post=609"}],"version-history":[{"count":1,"href":"https:\/\/laiz.fr\/wordpress\/wp-json\/wp\/v2\/pages\/609\/revisions"}],"predecessor-version":[{"id":610,"href":"https:\/\/laiz.fr\/wordpress\/wp-json\/wp\/v2\/pages\/609\/revisions\/610"}],"up":[{"embeddable":true,"href":"https:\/\/laiz.fr\/wordpress\/wp-json\/wp\/v2\/pages\/213"}],"wp:attachment":[{"href":"https:\/\/laiz.fr\/wordpress\/wp-json\/wp\/v2\/media?parent=609"}],"curies":[{"name":"wp","href":"https:\/\/api.w.org\/{rel}","templated":true}]}}