{"id":622,"date":"2016-06-20T14:07:09","date_gmt":"2016-06-20T12:07:09","guid":{"rendered":"http:\/\/laiz.fr\/wordpress\/?page_id=622"},"modified":"2021-02-11T23:03:59","modified_gmt":"2021-02-11T22:03:59","slug":"inscription-listes-electorales","status":"publish","type":"page","link":"https:\/\/laiz.fr\/wordpress\/demarches-administratives\/documents-officiels\/inscription-listes-electorales\/","title":{"rendered":"Inscription sur les listes \u00e9lectorales"},"content":{"rendered":"<div dir=\"ltr\"><b>En vertu de l\u2019article 12 du Code \u00e9lectoral, \u00ab\u00a0sont \u00e9lecteurs les Fran\u00e7aises et les Fran\u00e7ais, \u00e2g\u00e9s de dix-huit ans accomplis, jouissant de leurs droits civils et politiques et n\u2019\u00e9tant dans aucun cas d\u2019incapacit\u00e9 pr\u00e9vu par la loi\u00a0\u00bb. Peuvent \u00e9galement voter aux \u00e9lections municipales ou europ\u00e9ennes, les ressortissants d\u2019un \u00e9tat membre de l\u2019Union Europ\u00e9enne.<\/b><\/div>\n<div dir=\"ltr\"><strong class=\"spip\">Inscription sur liste \u00e9lectorale :\u00a0<\/strong>L\u2019inscription sur liste \u00e9lectorale est d\u00e9sormais possible jusqu\u2019\u00e0 6 semaines du scrutin, contrairement \u00e0 la r\u00e8gle pr\u00e9c\u00e9dente qui imposait l\u2019inscription avant le 31 d\u00e9cembre de l\u2019ann\u00e9e pr\u00e9c\u00e9dant le scrutin).<\/div>\n<p style=\"font-weight: 400;\">Chaque citoyen, peut s\u2019inscrire directement par internet sur le site\u00a0<a href=\"http:\/\/service-public.fr\/\" data-saferedirecturl=\"https:\/\/www.google.com\/url?q=http:\/\/service-public.fr&amp;source=gmail&amp;ust=1613166737017000&amp;usg=AFQjCNGwR2Lbl-JeTaUyDdYn8cRdR2124w\">service-public.fr<\/a><\/p>\n<p style=\"font-weight: 400;\">Le citoyen peut v\u00e9rifier lui-m\u00eame sa situation \u00e9lectorale directement en ligne. Avec la mise en place du r\u00e9pertoire \u00e9lectoral unique, dont la tenue est confi\u00e9e \u00e0 l\u2019INSEE,\u00a0<strong>chaque citoyen peut v\u00e9rifier qu\u2019il est bien inscrit sur les listes \u00e9lectorales<\/strong>\u00a0et conna\u00eetre son bureau de vote directement en ligne sur l\u2019adresse :\u00a0<a href=\"https:\/\/www.service-public.fr\/particuliers\/vosdroits\/services-en-ligne-et-formulaires\/ISE\" data-saferedirecturl=\"https:\/\/www.google.com\/url?q=https:\/\/www.service-public.fr\/particuliers\/vosdroits\/services-en-ligne-et-formulaires\/ISE&amp;source=gmail&amp;ust=1613166737017000&amp;usg=AFQjCNHu0vpeXIEcCKjhrT_MHJXPHoWnaA\">https:\/\/www.service-public.fr\/particuliers\/vosdroits\/services-en-ligne-et-formulaires\/ISE<\/a>.<\/p>\n<p style=\"font-weight: 400;\">L\u2019\u00e9lecteur peut faire une demande de correction \u00e0 partir d\u2019un service en ligne disponible sur le site\u00a0<a href=\"http:\/\/service-public.fr\/\" data-saferedirecturl=\"https:\/\/www.google.com\/url?q=http:\/\/service-public.fr&amp;source=gmail&amp;ust=1613166737017000&amp;usg=AFQjCNGwR2Lbl-JeTaUyDdYn8cRdR2124w\">service-public.fr<\/a>\u00a0\u00e0 l\u2019adresse suivante :\u00a0<a href=\"https:\/\/www.service-public.fr\/particuliers\/vosdroits\/R49454\" data-saferedirecturl=\"https:\/\/www.google.com\/url?q=https:\/\/www.service-public.fr\/particuliers\/vosdroits\/R49454&amp;source=gmail&amp;ust=1613166737017000&amp;usg=AFQjCNFKYs4XhqYXHG4Tn8b6UYeAqy1v6A\">https:\/\/www.service-public.fr\/particuliers\/vosdroits\/R49454<\/a>\u00a0ou par courrier.<\/p>\n<div dir=\"ltr\">\n<p class=\"spip\"><strong class=\"spip\">Pi\u00e8ces \u00e0 fournir\u00a0:<\/strong> Tout \u00e9lecteur d\u00e9sireux de s\u2019inscrire sur une liste \u00e9lectorale doit se pr\u00e9senter personnellement \u00e0 la Mairie, muni des pi\u00e8ces suivantes\u00a0:<\/p>\n<p class=\"spip\">une pi\u00e8ce d\u2019identit\u00e9 ou un certificat de nationalit\u00e9 en cours de validit\u00e9 ou un justificatif d\u2019identit\u00e9 (permis de conduire, carte d\u2019invalidit\u00e9, carte de fonctionnaire, permis de chasser, carte d\u2019identit\u00e9 ou passeport p\u00e9rim\u00e9, ..) accompagn\u00e9 d\u2019un justificatif de nationalit\u00e9,<br \/>\nun justificatif de domicile ou les 5 derniers avis d\u2019imposition dans le cas d\u2019une r\u00e9sidence,<br \/>\ndans le cas d\u2019une inscription hors p\u00e9riode de r\u00e9vision, une pi\u00e8ce justificative attestant que l\u2019\u00e9lecteur entre dans le cadre de cette proc\u00e9dure,<br \/>\nle conjoint (\u00e9poux ou \u00e9pouse) peut \u00e9galement faire les d\u00e9marches \u00e0 la place de l\u2019int\u00e9ress\u00e9(e), sous r\u00e9serve qu\u2019il justifie (documents \u00e0 l\u2019appui) de son identit\u00e9 et de sa qualit\u00e9 et qu\u2019il produise les pi\u00e8ces n\u00e9cessaires concernant l\u2019int\u00e9ress\u00e9(e)<\/p>\n<p class=\"spip\"><strong class=\"spip\">Changement d\u2019adresse ou d\u2019\u00e9tat civil\u00a0:<\/strong><\/p>\n<p class=\"spip\">Tout changement d\u2019adresse ou d\u2019\u00e9tat civil doit \u00eatre signal\u00e9 \u00e0 la Mairie, en plus du syst\u00e8me mis en place par la Poste. Dans cette hypoth\u00e8se, les pi\u00e8ces fournies par l\u2019\u00e9lecteur sont les m\u00eames que pr\u00e9c\u00e9demment, plus le livret de famille pour justifier du changement d\u2019\u00e9tat civil.<\/p>\n<\/div>\n","protected":false},"excerpt":{"rendered":"<p>En vertu de l\u2019article 12 du Code \u00e9lectoral, \u00ab\u00a0sont \u00e9lecteurs les Fran\u00e7aises et les Fran\u00e7ais, \u00e2g\u00e9s de dix-huit ans accomplis, jouissant de leurs droits civils et politiques et n\u2019\u00e9tant dans aucun cas d\u2019incapacit\u00e9 pr\u00e9vu par la loi\u00a0\u00bb. Peuvent \u00e9galement voter aux \u00e9lections municipales ou europ\u00e9ennes, les ressortissants d\u2019un \u00e9tat membre de l\u2019Union Europ\u00e9enne. Inscription sur &hellip; <a href=\"https:\/\/laiz.fr\/wordpress\/demarches-administratives\/documents-officiels\/inscription-listes-electorales\/\" class=\"more-link\">Continuer la lecture de <span class=\"screen-reader-text\">Inscription sur les listes \u00e9lectorales<\/span>  <span class=\"meta-nav\">&rarr;<\/span><\/a><\/p>\n","protected":false},"author":1,"featured_media":0,"parent":213,"menu_order":0,"comment_status":"closed","ping_status":"closed","template":"","meta":{"footnotes":""},"class_list":["post-622","page","type-page","status-publish","hentry"],"yoast_head":"<!-- This site is optimized with the Yoast SEO plugin v27.5 - https:\/\/yoast.com\/product\/yoast-seo-wordpress\/ -->\n<title>Inscription sur les listes \u00e9lectorales - MAIRIE DE LAIZ<\/title>\n<meta name=\"robots\" content=\"index, follow, max-snippet:-1, max-image-preview:large, max-video-preview:-1\" \/>\n<link rel=\"canonical\" href=\"https:\/\/laiz.fr\/wordpress\/demarches-administratives\/documents-officiels\/inscription-listes-electorales\/\" \/>\n<meta property=\"og:locale\" content=\"fr_FR\" \/>\n<meta property=\"og:type\" content=\"article\" \/>\n<meta property=\"og:title\" content=\"Inscription sur les listes \u00e9lectorales - MAIRIE DE LAIZ\" \/>\n<meta property=\"og:description\" content=\"En vertu de l\u2019article 12 du Code \u00e9lectoral, \u00ab\u00a0sont \u00e9lecteurs les Fran\u00e7aises et les Fran\u00e7ais, \u00e2g\u00e9s de dix-huit ans accomplis, jouissant de leurs droits civils et politiques et n\u2019\u00e9tant dans aucun cas d\u2019incapacit\u00e9 pr\u00e9vu par la loi\u00a0\u00bb. Peuvent \u00e9galement voter aux \u00e9lections municipales ou europ\u00e9ennes, les ressortissants d\u2019un \u00e9tat membre de l\u2019Union Europ\u00e9enne. Inscription sur &hellip; Continuer la lecture de Inscription sur les listes \u00e9lectorales &rarr;\" \/>\n<meta property=\"og:url\" content=\"https:\/\/laiz.fr\/wordpress\/demarches-administratives\/documents-officiels\/inscription-listes-electorales\/\" \/>\n<meta property=\"og:site_name\" content=\"MAIRIE DE LAIZ\" \/>\n<meta property=\"article:publisher\" content=\"https:\/\/www.facebook.com\/villagedelaiz\" \/>\n<meta property=\"article:modified_time\" content=\"2021-02-11T22:03:59+00:00\" \/>\n<meta property=\"og:image\" content=\"https:\/\/laiz.fr\/wordpress\/wp-content\/uploads\/2016\/06\/laizlogo2.jpg\" \/>\n\t<meta property=\"og:image:width\" content=\"935\" \/>\n\t<meta property=\"og:image:height\" content=\"591\" \/>\n\t<meta property=\"og:image:type\" content=\"image\/jpeg\" \/>\n<meta name=\"twitter:label1\" content=\"Dur\u00e9e de lecture estim\u00e9e\" \/>\n\t<meta name=\"twitter:data1\" content=\"2 minutes\" \/>\n<script type=\"application\/ld+json\" class=\"yoast-schema-graph\">{\"@context\":\"https:\\\/\\\/schema.org\",\"@graph\":[{\"@type\":\"WebPage\",\"@id\":\"https:\\\/\\\/laiz.fr\\\/wordpress\\\/demarches-administratives\\\/documents-officiels\\\/inscription-listes-electorales\\\/\",\"url\":\"https:\\\/\\\/laiz.fr\\\/wordpress\\\/demarches-administratives\\\/documents-officiels\\\/inscription-listes-electorales\\\/\",\"name\":\"Inscription sur les listes \u00e9lectorales - MAIRIE DE LAIZ\",\"isPartOf\":{\"@id\":\"https:\\\/\\\/laiz.fr\\\/wordpress\\\/#website\"},\"datePublished\":\"2016-06-20T12:07:09+00:00\",\"dateModified\":\"2021-02-11T22:03:59+00:00\",\"breadcrumb\":{\"@id\":\"https:\\\/\\\/laiz.fr\\\/wordpress\\\/demarches-administratives\\\/documents-officiels\\\/inscription-listes-electorales\\\/#breadcrumb\"},\"inLanguage\":\"fr-FR\",\"potentialAction\":[{\"@type\":\"ReadAction\",\"target\":[\"https:\\\/\\\/laiz.fr\\\/wordpress\\\/demarches-administratives\\\/documents-officiels\\\/inscription-listes-electorales\\\/\"]}]},{\"@type\":\"BreadcrumbList\",\"@id\":\"https:\\\/\\\/laiz.fr\\\/wordpress\\\/demarches-administratives\\\/documents-officiels\\\/inscription-listes-electorales\\\/#breadcrumb\",\"itemListElement\":[{\"@type\":\"ListItem\",\"position\":1,\"name\":\"Accueil\",\"item\":\"https:\\\/\\\/laiz.fr\\\/wordpress\\\/\"},{\"@type\":\"ListItem\",\"position\":2,\"name\":\"D\u00e9marches administratives\",\"item\":\"https:\\\/\\\/laiz.fr\\\/wordpress\\\/demarches-administratives\\\/\"},{\"@type\":\"ListItem\",\"position\":3,\"name\":\"Documents officiels\",\"item\":\"https:\\\/\\\/laiz.fr\\\/wordpress\\\/demarches-administratives\\\/documents-officiels\\\/\"},{\"@type\":\"ListItem\",\"position\":4,\"name\":\"Inscription sur les listes \u00e9lectorales\"}]},{\"@type\":\"WebSite\",\"@id\":\"https:\\\/\\\/laiz.fr\\\/wordpress\\\/#website\",\"url\":\"https:\\\/\\\/laiz.fr\\\/wordpress\\\/\",\"name\":\"MAIRIE DE LAIZ\",\"description\":\"Un village agr\u00e9able \u00e0 vivre\",\"potentialAction\":[{\"@type\":\"SearchAction\",\"target\":{\"@type\":\"EntryPoint\",\"urlTemplate\":\"https:\\\/\\\/laiz.fr\\\/wordpress\\\/?s={search_term_string}\"},\"query-input\":{\"@type\":\"PropertyValueSpecification\",\"valueRequired\":true,\"valueName\":\"search_term_string\"}}],\"inLanguage\":\"fr-FR\"}]}<\/script>\n<!-- \/ Yoast SEO plugin. -->","yoast_head_json":{"title":"Inscription sur les listes \u00e9lectorales - MAIRIE DE LAIZ","robots":{"index":"index","follow":"follow","max-snippet":"max-snippet:-1","max-image-preview":"max-image-preview:large","max-video-preview":"max-video-preview:-1"},"canonical":"https:\/\/laiz.fr\/wordpress\/demarches-administratives\/documents-officiels\/inscription-listes-electorales\/","og_locale":"fr_FR","og_type":"article","og_title":"Inscription sur les listes \u00e9lectorales - MAIRIE DE LAIZ","og_description":"En vertu de l\u2019article 12 du Code \u00e9lectoral, \u00ab\u00a0sont \u00e9lecteurs les Fran\u00e7aises et les Fran\u00e7ais, \u00e2g\u00e9s de dix-huit ans accomplis, jouissant de leurs droits civils et politiques et n\u2019\u00e9tant dans aucun cas d\u2019incapacit\u00e9 pr\u00e9vu par la loi\u00a0\u00bb. Peuvent \u00e9galement voter aux \u00e9lections municipales ou europ\u00e9ennes, les ressortissants d\u2019un \u00e9tat membre de l\u2019Union Europ\u00e9enne. Inscription sur &hellip; Continuer la lecture de Inscription sur les listes \u00e9lectorales &rarr;","og_url":"https:\/\/laiz.fr\/wordpress\/demarches-administratives\/documents-officiels\/inscription-listes-electorales\/","og_site_name":"MAIRIE DE LAIZ","article_publisher":"https:\/\/www.facebook.com\/villagedelaiz","article_modified_time":"2021-02-11T22:03:59+00:00","og_image":[{"width":935,"height":591,"url":"https:\/\/laiz.fr\/wordpress\/wp-content\/uploads\/2016\/06\/laizlogo2.jpg","type":"image\/jpeg"}],"twitter_misc":{"Dur\u00e9e de lecture estim\u00e9e":"2 minutes"},"schema":{"@context":"https:\/\/schema.org","@graph":[{"@type":"WebPage","@id":"https:\/\/laiz.fr\/wordpress\/demarches-administratives\/documents-officiels\/inscription-listes-electorales\/","url":"https:\/\/laiz.fr\/wordpress\/demarches-administratives\/documents-officiels\/inscription-listes-electorales\/","name":"Inscription sur les listes \u00e9lectorales - MAIRIE DE LAIZ","isPartOf":{"@id":"https:\/\/laiz.fr\/wordpress\/#website"},"datePublished":"2016-06-20T12:07:09+00:00","dateModified":"2021-02-11T22:03:59+00:00","breadcrumb":{"@id":"https:\/\/laiz.fr\/wordpress\/demarches-administratives\/documents-officiels\/inscription-listes-electorales\/#breadcrumb"},"inLanguage":"fr-FR","potentialAction":[{"@type":"ReadAction","target":["https:\/\/laiz.fr\/wordpress\/demarches-administratives\/documents-officiels\/inscription-listes-electorales\/"]}]},{"@type":"BreadcrumbList","@id":"https:\/\/laiz.fr\/wordpress\/demarches-administratives\/documents-officiels\/inscription-listes-electorales\/#breadcrumb","itemListElement":[{"@type":"ListItem","position":1,"name":"Accueil","item":"https:\/\/laiz.fr\/wordpress\/"},{"@type":"ListItem","position":2,"name":"D\u00e9marches administratives","item":"https:\/\/laiz.fr\/wordpress\/demarches-administratives\/"},{"@type":"ListItem","position":3,"name":"Documents officiels","item":"https:\/\/laiz.fr\/wordpress\/demarches-administratives\/documents-officiels\/"},{"@type":"ListItem","position":4,"name":"Inscription sur les listes \u00e9lectorales"}]},{"@type":"WebSite","@id":"https:\/\/laiz.fr\/wordpress\/#website","url":"https:\/\/laiz.fr\/wordpress\/","name":"MAIRIE DE LAIZ","description":"Un village agr\u00e9able \u00e0 vivre","potentialAction":[{"@type":"SearchAction","target":{"@type":"EntryPoint","urlTemplate":"https:\/\/laiz.fr\/wordpress\/?s={search_term_string}"},"query-input":{"@type":"PropertyValueSpecification","valueRequired":true,"valueName":"search_term_string"}}],"inLanguage":"fr-FR"}]}},"_links":{"self":[{"href":"https:\/\/laiz.fr\/wordpress\/wp-json\/wp\/v2\/pages\/622","targetHints":{"allow":["GET"]}}],"collection":[{"href":"https:\/\/laiz.fr\/wordpress\/wp-json\/wp\/v2\/pages"}],"about":[{"href":"https:\/\/laiz.fr\/wordpress\/wp-json\/wp\/v2\/types\/page"}],"author":[{"embeddable":true,"href":"https:\/\/laiz.fr\/wordpress\/wp-json\/wp\/v2\/users\/1"}],"replies":[{"embeddable":true,"href":"https:\/\/laiz.fr\/wordpress\/wp-json\/wp\/v2\/comments?post=622"}],"version-history":[{"count":2,"href":"https:\/\/laiz.fr\/wordpress\/wp-json\/wp\/v2\/pages\/622\/revisions"}],"predecessor-version":[{"id":3135,"href":"https:\/\/laiz.fr\/wordpress\/wp-json\/wp\/v2\/pages\/622\/revisions\/3135"}],"up":[{"embeddable":true,"href":"https:\/\/laiz.fr\/wordpress\/wp-json\/wp\/v2\/pages\/213"}],"wp:attachment":[{"href":"https:\/\/laiz.fr\/wordpress\/wp-json\/wp\/v2\/media?parent=622"}],"curies":[{"name":"wp","href":"https:\/\/api.w.org\/{rel}","templated":true}]}}